{"id":1823,"date":"2018-10-16T11:07:37","date_gmt":"2018-10-16T09:07:37","guid":{"rendered":"http:\/\/cmvsh.fr\/Essaiswordpress\/?page_id=1823"},"modified":"2019-01-27T13:15:36","modified_gmt":"2019-01-27T12:15:36","slug":"preparatifs-fete-des-vendanges","status":"publish","type":"page","link":"https:\/\/cmvsh.fr\/Essaiswordpress\/preparatifs-fete-des-vendanges\/","title":{"rendered":"Pr\u00e9paratifs F\u00eate des Vendanges 2018"},"content":{"rendered":"<p>C\u2019est <strong>le<\/strong> <strong>13 et le 14 octobre 2018<\/strong> qu\u2019ont eu lieu les f\u00eates des vendanges du Massif de Saint Thierry.<\/p>\n<p>Christiane Boulard, Pr\u00e9sidente, a entrepris de diriger l\u2019organisation de cette f\u00eate.<\/p>\n<p>Cette f\u00eate oeno-touristique se d\u00e9roulait dans des rues d\u00e9cor\u00e9es et des cours des maisons am\u00e9nag\u00e9es pour la circonstance.<br \/>\nLes pr\u00e9paratifs furent longs et \u00e9taient organis\u00e9s par les Vignerons du Massif de Saint-Thierry ; Beaucoup de membres de CMVSH ont \u00e9galement r\u00e9pondus pr\u00e9sents pour apporter leur aide.<\/p>\n<p>Cette video est l\u00e0 pour donner un aper\u00e7u de ce que furent les quelques derniers jours d&rsquo;avant la F\u00eate.<\/p>\n<p><video controls=\"controls\" width=\"600\" height=\"400\" ><source src=\"http:\/\/cmvsh.fr\/video\/2018_10_12_PreparatifsW.mp4\" \/>Your browser does not support the video tag<\/video><br \/>\nPr\u00e9paratifs des rues, stands, granges d&rsquo;acceuil, \u00c9glise&#8230; <\/p>\n<div class=\"minuscule\"><small><br \/>\nCopyright \u00a9 2018 Fran\u00e7ois Menci\u00e8re &#8211; Tous droits r\u00e9serv\u00e9s &#8211; Pour  utilisation, demander l&rsquo;autorisation \u00e0 Fran\u00e7ois Menci\u00e8re membre de CMVSH.<br \/>\n<\/small><\/div>\n","protected":false},"excerpt":{"rendered":"<div class=\"slide-text-bg2\"><span>C\u2019est le 13 et le 14 octobre 2018 qu\u2019ont eu lieu les f\u00eates des vendanges du Massif de Saint Thierry. Christiane Boulard, Pr\u00e9sidente, a entrepris de d<\/span><\/div>\n<div class=\"slide-btn-area-sm\"><a href=\"https:\/\/cmvsh.fr\/Essaiswordpress\/preparatifs-fete-des-vendanges\/\" class=\"slide-btn-sm\">Lire la suite<\/a><\/div>\n","protected":false},"author":1,"featured_media":0,"parent":0,"menu_order":0,"comment_status":"closed","ping_status":"closed","template":"","meta":{"footnotes":""},"class_list":["post-1823","page","type-page","status-publish","hentry"],"_links":{"self":[{"href":"https:\/\/cmvsh.fr\/Essaiswordpress\/wp-json\/wp\/v2\/pages\/1823","targetHints":{"allow":["GET"]}}],"collection":[{"href":"https:\/\/cmvsh.fr\/Essaiswordpress\/wp-json\/wp\/v2\/pages"}],"about":[{"href":"https:\/\/cmvsh.fr\/Essaiswordpress\/wp-json\/wp\/v2\/types\/page"}],"author":[{"embeddable":true,"href":"https:\/\/cmvsh.fr\/Essaiswordpress\/wp-json\/wp\/v2\/users\/1"}],"replies":[{"embeddable":true,"href":"https:\/\/cmvsh.fr\/Essaiswordpress\/wp-json\/wp\/v2\/comments?post=1823"}],"version-history":[{"count":7,"href":"https:\/\/cmvsh.fr\/Essaiswordpress\/wp-json\/wp\/v2\/pages\/1823\/revisions"}],"predecessor-version":[{"id":2130,"href":"https:\/\/cmvsh.fr\/Essaiswordpress\/wp-json\/wp\/v2\/pages\/1823\/revisions\/2130"}],"wp:attachment":[{"href":"https:\/\/cmvsh.fr\/Essaiswordpress\/wp-json\/wp\/v2\/media?parent=1823"}],"curies":[{"name":"wp","href":"https:\/\/api.w.org\/{rel}","templated":true}]}}